{"id":30,"date":"2024-05-07T10:21:24","date_gmt":"2024-05-07T08:21:24","guid":{"rendered":"http:\/\/localhost\/CEIPLasPortadas\/?page_id=30"},"modified":"2025-10-16T10:51:15","modified_gmt":"2025-10-16T08:51:15","slug":"conocenos","status":"publish","type":"page","link":"https:\/\/ceiplasportadas.es\/?page_id=30","title":{"rendered":"Con\u00f3cenos"},"content":{"rendered":"<div class=\"fusion-fullwidth fullwidth-box fusion-builder-row-1 fusion-flex-container nonhundred-percent-fullwidth non-hundred-percent-height-scrolling\" style=\"background-color: rgba(255,255,255,0);background-position: center center;background-repeat: no-repeat;border-width: 0px 0px 0px 0px;border-color:#e2e2e2;border-style:solid;\" ><div class=\"fusion-builder-row fusion-row fusion-flex-align-items-flex-start\" style=\"max-width:1248px;margin-left: calc(-4% \/ 2 );margin-right: calc(-4% \/ 2 );\"><div class=\"fusion-layout-column fusion_builder_column fusion-builder-column-0 fusion_builder_column_1_1 1_1 fusion-flex-column\"><div class=\"fusion-column-wrapper fusion-flex-justify-content-flex-start fusion-content-layout-column\" style=\"background-position:left top;background-repeat:no-repeat;-webkit-background-size:cover;-moz-background-size:cover;-o-background-size:cover;background-size:cover;padding: 0px 0px 0px 0px;\"><div class=\"fusion-recent-posts fusion-recent-posts-1 avada-container layout-default layout-columns-2\"><section class=\"fusion-columns columns fusion-columns-2 columns-2\"><article class=\"post fusion-column column col col-lg-6 col-md-6 col-sm-6\"><div class=\"recent-posts-content\"><span class=\"vcard\" style=\"display: none;\"><span class=\"fn\"><a href=\"https:\/\/ceiplasportadas.es\/?author=1\" title=\"Entradas de admin\" rel=\"author\">admin<\/a><\/span><\/span><span class=\"updated\" style=\"display:none;\">2025-10-16T10:59:28+02:00<\/span><h4 class=\"entry-title\"><a href=\"https:\/\/ceiplasportadas.es\/?p=347\">\ud83d\udcda OFERTA EDUCATIVA<\/a><\/h4><p>En el CEIP Las Portadas ofrecemos una ense\u00f1anza completa y adaptada a las necesidades del alumnado, basada en los principios de la educaci\u00f3n p\u00fablica, inclusiva y participativa. Etapas educativas Educaci\u00f3n Infantil (segundo ciclo) Educaci\u00f3n Primaria [...]<\/p><\/div><\/article><article class=\"post fusion-column column col col-lg-6 col-md-6 col-sm-6\"><div class=\"recent-posts-content\"><span class=\"vcard\" style=\"display: none;\"><span class=\"fn\"><a href=\"https:\/\/ceiplasportadas.es\/?author=1\" title=\"Entradas de admin\" rel=\"author\">admin<\/a><\/span><\/span><span class=\"updated\" style=\"display:none;\">2025-10-16T10:58:46+02:00<\/span><h4 class=\"entry-title\"><a href=\"https:\/\/ceiplasportadas.es\/?p=343\">\ud83c\udfeb CON\u00d3CENOS<\/a><\/h4><p>El CEIP Las Portadas es un centro p\u00fablico de Educaci\u00f3n Infantil y Primaria situado en la barriada de Las Portadas, en Dos Hermanas (Sevilla). Somos un colegio comprometido con la educaci\u00f3n integral y en valores, [...]<\/p><\/div><\/article><\/section><\/div><\/div><\/div><style type=\"text\/css\">.fusion-body .fusion-builder-column-0{width:100% !important;margin-top : 0px;margin-bottom : 20px;}.fusion-builder-column-0 > .fusion-column-wrapper {padding-top : 0px !important;padding-right : 0px !important;margin-right : 1.92%;padding-bottom : 0px !important;padding-left : 0px !important;margin-left : 1.92%;}@media only screen and (max-width:1024px) {.fusion-body .fusion-builder-column-0{width:100% !important;order : 0;}.fusion-builder-column-0 > .fusion-column-wrapper {margin-right : 1.92%;margin-left : 1.92%;}}@media only screen and (max-width:640px) {.fusion-body .fusion-builder-column-0{width:100% !important;order : 0;}.fusion-builder-column-0 > .fusion-column-wrapper {margin-right : 1.92%;margin-left : 1.92%;}}<\/style><\/div><style type=\"text\/css\">.fusion-body .fusion-flex-container.fusion-builder-row-1{ padding-top : 0px;margin-top : 0px;padding-right : 0px;padding-bottom : 0px;margin-bottom : 0px;padding-left : 0px;}<\/style><\/div>\n","protected":false},"excerpt":{"rendered":"","protected":false},"author":1,"featured_media":0,"parent":0,"menu_order":0,"comment_status":"closed","ping_status":"closed","template":"","meta":{"footnotes":""},"class_list":["post-30","page","type-page","status-publish","hentry"],"_links":{"self":[{"href":"https:\/\/ceiplasportadas.es\/index.php?rest_route=\/wp\/v2\/pages\/30","targetHints":{"allow":["GET"]}}],"collection":[{"href":"https:\/\/ceiplasportadas.es\/index.php?rest_route=\/wp\/v2\/pages"}],"about":[{"href":"https:\/\/ceiplasportadas.es\/index.php?rest_route=\/wp\/v2\/types\/page"}],"author":[{"embeddable":true,"href":"https:\/\/ceiplasportadas.es\/index.php?rest_route=\/wp\/v2\/users\/1"}],"replies":[{"embeddable":true,"href":"https:\/\/ceiplasportadas.es\/index.php?rest_route=%2Fwp%2Fv2%2Fcomments&post=30"}],"version-history":[{"count":6,"href":"https:\/\/ceiplasportadas.es\/index.php?rest_route=\/wp\/v2\/pages\/30\/revisions"}],"predecessor-version":[{"id":351,"href":"https:\/\/ceiplasportadas.es\/index.php?rest_route=\/wp\/v2\/pages\/30\/revisions\/351"}],"wp:attachment":[{"href":"https:\/\/ceiplasportadas.es\/index.php?rest_route=%2Fwp%2Fv2%2Fmedia&parent=30"}],"curies":[{"name":"wp","href":"https:\/\/api.w.org\/{rel}","templated":true}]}}